{"id":7582,"date":"2026-04-22T11:30:25","date_gmt":"2026-04-22T11:30:25","guid":{"rendered":"https:\/\/cool-panini.185-226-232-135.plesk.page\/politica-de-privacidade\/"},"modified":"2026-04-27T10:12:58","modified_gmt":"2026-04-27T10:12:58","slug":"politica-de-privacidade","status":"publish","type":"page","link":"https:\/\/frosty-sammet.109-228-56-25.plesk.page\/pt-pt\/politica-de-privacidade\/","title":{"rendered":"POL\u00cdTICA DE PRIVACIDADE"},"content":{"rendered":"\n<p><strong>INFORMA\u00c7\u00c3O GERAL<\/strong><\/p>\n\n<p>A presente \u00abPol\u00edtica de Privacidade e Prote\u00e7\u00e3o de Dados\u00bb tem como finalidade dar a conhecer as condi\u00e7\u00f5es que regem a recolha e o tratamento dos seus dados pessoais por parte da nossa entidade ou grupo corporativo, para zelar pelos direitos fundamentais, a sua honra e liberdades, tudo isto em cumprimento das normativas vigentes que regulam a Prote\u00e7\u00e3o de Dados Pessoais de acordo com a Uni\u00e3o Europeia e o Estado espanhol.<\/p>\n\n<p>Em conformidade com as referidas normativas, necessitamos da sua autoriza\u00e7\u00e3o e consentimento para a recolha e o tratamento dos seus dados pessoais, pelo que, de seguida, indicamos todos os detalhes do seu interesse relativamente a como realizamos estes processos, com que finalidades, que outras entidades poder\u00e3o ter acesso aos seus dados e quais s\u00e3o os seus direitos.<\/p>\n\n<p>Por tudo o exposto, uma vez revista e lida a nossa Pol\u00edtica de Prote\u00e7\u00e3o de Dados, \u00e9 imprescind\u00edvel que a aceite como prova da sua conformidade e consentimento.<\/p>\n\n<p><strong>QUANDO SE APLICA ESTA POL\u00cdTICA?<\/strong><\/p>\n\n<p>Com esta Pol\u00edtica de Privacidade, descrevemos o tratamento que fazemos da informa\u00e7\u00e3o recolhida atrav\u00e9s de www.jender.es. Esta Pol\u00edtica de Privacidade foi redigida de acordo com a normativa europeia e espanhola aplic\u00e1vel sobre prote\u00e7\u00e3o de dados de car\u00e1ter pessoal (link) (DOCUMENTO DENOMINADO DEFINI\u00c7\u00d5ES) e servi\u00e7os da sociedade de informa\u00e7\u00e3o e com\u00e9rcio eletr\u00f3nico vigentes \u00e0 data da \u00faltima modifica\u00e7\u00e3o. <\/p>\n\n<p>As op\u00e7\u00f5es definidas de pol\u00edtica de privacidade escolhidas num terceiro s\u00edtio\/aplica\u00e7\u00e3o de terceiros externos n\u00e3o ser\u00e3o aplic\u00e1veis para o uso que n\u00f3s fazemos dos seus dados, sendo esta a \u00fanica Pol\u00edtica de Privacidade aplic\u00e1vel nestes casos.<\/p>\n\n<p>O nosso s\u00edtio Web pode conter liga\u00e7\u00f5es para diferentes s\u00edtios alheios \u00e0 JENDER IBERICA 2006 SL e dos quais n\u00e3o \u00e9 propriet\u00e1ria nem tem controlo, sem que caiba a possibilidade de lhe exigir qualquer tipo de responsabilidade pelas pr\u00e1ticas que estes s\u00edtios levem a cabo sobre o tratamento dos seus dados e privacidade. O utilizador \u00e9 quem melhor pode zelar pela sua privacidade e quem deve analisar, quando abandona o nosso s\u00edtio Web e acede a outro de terceiros, se este re\u00fane condi\u00e7\u00f5es m\u00ednimas de seguran\u00e7a. Recomendamos-lhe que leia com detalhe a pol\u00edtica de privacidade do s\u00edtio que visitar.  <\/p>\n\n<p><strong>COMO CONTACTAR CONNOSCO?<\/strong><\/p>\n\n<ul class=\"wp-block-list\">\n<li>A comunica\u00e7\u00e3o deve ser dirigida ao <strong>RESPONS\u00c1VEL PELO TRATAMENTO:<\/strong> Jender Iberica 2006 SL (doravante \u00abJender\u00bb) com domic\u00edlio em c\/Almansa, 12, de Elche C.P. 03206 ou atrav\u00e9s de e-mail dirigido a info@jender.es.<\/li>\n<\/ul>\n\n<p>Para aceder e utilizar os servi\u00e7os do nosso s\u00edtio Web n\u00e3o \u00e9 necess\u00e1rio registo pr\u00e9vio do utilizador. N\u00e3o \u00e9 necess\u00e1rio fornecer quaisquer dados pessoais para aceder ao s\u00edtio Web. <\/p>\n\n<p><strong>QUE DADOS TRATAMOS?<\/strong><\/p>\n\n<p>Depender\u00e3o do tipo de utilizador:<\/p>\n\n<ul class=\"wp-block-list\">\n<li>Os dados que o cliente fornece ao solicitar-nos informa\u00e7\u00e3o ou ao entrar em contacto connosco, como nome e apelidos, NIF, telefone, correio eletr\u00f3nico, endere\u00e7o postal, assinatura eletr\u00f3nica e\/ou manuscrita.<\/li>\n\n\n\n<li>Os colaboradores, funcion\u00e1rios e candidatos fornecem tamb\u00e9m estes dados juntamente com outros, como a sua experi\u00eancia profissional, titula\u00e7\u00e3o acad\u00e9mica, entre outras categorias necess\u00e1rias para avaliar as suas op\u00e7\u00f5es de integra\u00e7\u00e3o na organiza\u00e7\u00e3o do respons\u00e1vel.<\/li>\n\n\n\n<li>Os dados que podem conter as contribui\u00e7\u00f5es do utilizador atrav\u00e9s do formul\u00e1rio recolhido do s\u00edtio Web, como nome e apelidos, correio eletr\u00f3nico, s\u00edtio Web.<\/li>\n\n\n\n<li>Informa\u00e7\u00e3o relativa \u00e0 sua localiza\u00e7\u00e3o quando visita o s\u00edtio Web, incluindo a fornecida por dispositivo m\u00f3vel. Quando a legisla\u00e7\u00e3o aplic\u00e1vel nos permitir, tamb\u00e9m poderemos processar a informa\u00e7\u00e3o associada ao seu endere\u00e7o IP. <\/li>\n<\/ul>\n\n<p><strong>LEGITIMA\u00c7\u00c3O DO TRATAMENTO<\/strong><\/p>\n\n<ul class=\"wp-block-list\">\n<li><strong>Dados<\/strong> <strong>de<\/strong> <strong>clientes<\/strong>: Consentimento expl\u00edcito do interessado; Exist\u00eancia de uma rela\u00e7\u00e3o contratual com o respons\u00e1vel mediante contrato ou pr\u00e9-contrato; Interesse Leg\u00edtimo do Respons\u00e1vel pelo Tratamento ou de terceiros.<\/li>\n\n\n\n<li><strong>Dados de colaboradores e funcion\u00e1rios<\/strong>: Consentimento expl\u00edcito do interessado; Exist\u00eancia de uma rela\u00e7\u00e3o contratual com o interessado mediante contrato ou pr\u00e9-contrato; Interesse Leg\u00edtimo do Respons\u00e1vel pelo Tratamento ou de terceiros.<\/li>\n<\/ul>\n\n<p><strong>COMO REALIZAMOS O TRATAMENTO DOS SEUS DADOS?<\/strong><\/p>\n\n<p>Recolhemos informa\u00e7\u00e3o dos utilizadores do nosso s\u00edtio Web com a finalidade de proporcionar aos nossos visitantes uma experi\u00eancia \u00fatil, personalizada e eficiente, ajudando a tornar este s\u00edtio Web de mais f\u00e1cil utiliza\u00e7\u00e3o e a encontrar de forma r\u00e1pida informa\u00e7\u00e3o acerca dos nossos produtos e servi\u00e7os, bem como a avis\u00e1-los de nova informa\u00e7\u00e3o acerca dos servi\u00e7os que a Jender oferece. Somente cederemos os dados quando for necess\u00e1rio para cumprir adequadamente com as nossas obriga\u00e7\u00f5es contratuais com o interessado. <\/p>\n\n<p><strong>PARA QUE UTILIZAMOS OS SEUS DADOS PESSOAIS?<\/strong><\/p>\n\n<p>De acordo com a normativa aplic\u00e1vel em cada momento, poderemos utilizar os seus dados de car\u00e1ter pessoal que recolhemos atrav\u00e9s dos equipamentos e dispositivos a partir dos quais acede a este s\u00edtio Web para:<\/p>\n\n<ul class=\"wp-block-list\">\n<li>Execu\u00e7\u00e3o do contrato que subscreva connosco como cliente e para lhe prestar o melhor servi\u00e7o poss\u00edvel.<\/li>\n<\/ul>\n\n<ul class=\"wp-block-list\">\n<li>\n<ul class=\"wp-block-list\">\n<li>Registo de clientes para an\u00e1lise de hist\u00f3ricos e estat\u00edsticas.<\/li>\n\n\n\n<li>Pagamento de obriga\u00e7\u00f5es contratuais.<\/li>\n\n\n\n<li>Envio de dados a entidades governamentais ou judiciais mediante solicita\u00e7\u00e3o pr\u00e9via ou por exig\u00eancia legal.<\/li>\n\n\n\n<li>Contacto e envio\/rece\u00e7\u00e3o de comunica\u00e7\u00f5es com clientes para o envio de informa\u00e7\u00e3o derivada da rela\u00e7\u00e3o contratual, comercial e obrigacional que possa existir.<\/li>\n\n\n\n<li>Recolha de dados para que o respons\u00e1vel possa cumprir as suas obriga\u00e7\u00f5es sobre a informa\u00e7\u00e3o e dados pessoais recolhidos.<\/li>\n\n\n\n<li>Enviar-lhe ofertas e promo\u00e7\u00f5es dos nossos servi\u00e7os.<\/li>\n\n\n\n<li>Analisar e melhorar o funcionamento do nosso s\u00edtio Web, podendo incluir inqu\u00e9ritos e outras ferramentas anal\u00edticas.<\/li>\n<\/ul>\n<\/li>\n\n\n\n<li>Detetar qualquer atividade suscet\u00edvel de violar as nossas pol\u00edticas, que seja contr\u00e1ria \u00e0 ordem p\u00fablica ou ilegal.<\/li>\n<\/ul>\n\n<p><strong>AT\u00c9 QUANDO CONSERVAREMOS OS SEUS DADOS?<\/strong><\/p>\n\n<p>Conservaremos os dados pessoais de clientes durante o per\u00edodo de tempo que durar a sua rela\u00e7\u00e3o contratual e, posteriormente, para o cumprimento das obriga\u00e7\u00f5es legais.<\/p>\n\n<ul class=\"wp-block-list\">\n<li><strong>Dados de clientes<\/strong>: Durante um prazo de 10 anos a partir da \u00faltima confirma\u00e7\u00e3o de interesse.<\/li>\n\n\n\n<li><strong>Dados de colaboradores e funcion\u00e1rios<\/strong>: Durante a vig\u00eancia da rela\u00e7\u00e3o contratual e, no m\u00e1ximo, um prazo de 10 anos a partir da \u00faltima confirma\u00e7\u00e3o de interesse. Os dados pessoais contidos em curr\u00edculos de candidatos e funcion\u00e1rios ser\u00e3o conservados enquanto durar o processo de sele\u00e7\u00e3o, at\u00e9 2 anos desde o in\u00edcio. <\/li>\n<\/ul>\n\n<p>O interessado poder\u00e1 solicitar expressamente, a qualquer momento, que os seus dados sejam eliminados sem necessidade de que estes prazos decorram. Caso o respons\u00e1vel necessite novamente desses dados, dever\u00e1 solicit\u00e1-los de novo. <\/p>\n\n<p><strong>CESS\u00c3O DOS SEUS DADOS<\/strong><\/p>\n\n<p>A JENDER \u00e9 a respons\u00e1vel pelo tratamento dos seus dados e unicamente poder\u00e1 utiliz\u00e1-los para os fins descritos na presente pol\u00edtica de privacidade. Para poder prestar-lhe o melhor servi\u00e7o, \u00e9 poss\u00edvel que outras entidades com as quais colaboramos acedam aos seus dados em nome do respons\u00e1vel pelo tratamento (link) (DOCUMENTO DENOMINADO DEFINI\u00c7\u00d5ES) como encarregados de tratamento (link) (DOCUMENTO DENOMINADO DEFINI\u00c7\u00d5ES) e, quando necess\u00e1rio e a legisla\u00e7\u00e3o vigente n\u00e3o o pro\u00edba, como respons\u00e1veis de tratamento para os fins descritos nesta pol\u00edtica de privacidade. <\/p>\n\n<p><strong>TRANSFER\u00caNCIAS INTERNACIONAIS<\/strong><\/p>\n\n<p>O respons\u00e1vel utiliza servi\u00e7os inform\u00e1ticos de vanguarda para oferecer os seus servi\u00e7os e que lhe s\u00e3o fornecidos por entidades localizadas nos Estados Unidos, pelo que \u00e9 poss\u00edvel que transfiramos os seus dados para estes terceiros para o cumprimento das finalidades descritas nesta pol\u00edtica de privacidade. Estas transfer\u00eancias estar\u00e3o amparadas pelo <a href=\"https:\/\/www.privacyshield.gov\/welcome\" target=\"_blank\" rel=\"noopener\"><em>Privacy Shield<\/em><\/a> e, se for o caso, pelo consentimento expresso do utilizador. <\/p>\n\n<p>Sempre que tivermos de transferir, armazenar ou tratar os seus dados pessoais, tomaremos as medidas t\u00e9cnicas e organizacionais convenientes para proteger a sua privacidade, especialmente a sua disponibilidade, integridade e confidencialidade.<\/p>\n\n<p>Quando a transfer\u00eancia dos seus dados se dirigir a entidades com sede dentro do territ\u00f3rio da Uni\u00e3o Europeia, guiar-nos-emos pelas cl\u00e1usulas contratuais aprovadas pela Comiss\u00e3o Europeia e Autoridades de Controlo competentes em cada momento para proteger a sua privacidade.<\/p>\n\n<p>Em todos estes casos, recolheremos o seu consentimento pr\u00e9vio quando, de acordo com a normativa aplic\u00e1vel, for obrigat\u00f3rio antes de realizar qualquer uma destas opera\u00e7\u00f5es.<\/p>\n\n<p><strong>MEDIDAS DE SEGURAN\u00c7A<\/strong><\/p>\n\n<p>A nossa entidade adota as medidas organizacionais e t\u00e9cnicas necess\u00e1rias para garantir a seguran\u00e7a e a privacidade dos seus dados, evitar a sua altera\u00e7\u00e3o, perda, tratamento ou acesso n\u00e3o autorizado, dependendo do estado da tecnologia, da natureza dos dados armazenados e dos riscos a que est\u00e3o expostos. Entre outras, destacam-se as seguintes medidas: <\/p>\n\n<ul class=\"wp-block-list\">\n<li>Garantir a confidencialidade, integridade, disponibilidade e resili\u00eancia permanentes dos sistemas e servi\u00e7os de tratamento.<\/li>\n\n\n\n<li>Restaurar a disponibilidade e o acesso aos dados pessoais de forma r\u00e1pida, em caso de incidente f\u00edsico ou t\u00e9cnico.<\/li>\n\n\n\n<li>Verificar, avaliar e valorizar, de forma regular, a efic\u00e1cia das medidas t\u00e9cnicas e organizacionais implementadas para garantir a seguran\u00e7a do tratamento.<\/li>\n\n\n\n<li>Pseudonimizar e cifrar os dados pessoais, caso se trate de dados sens\u00edveis.<\/li>\n<\/ul>\n\n<p><strong>QUE DIREITOS TEM RECONHECIDOS?<\/strong><\/p>\n\n<p>A normativa vigente de prote\u00e7\u00e3o de dados ampara-o numa s\u00e9rie de direitos em rela\u00e7\u00e3o ao uso que damos aos seus dados. Todos e cada um dos seus direitos s\u00e3o unipessoais e intransfer\u00edveis, ou seja, que unicamente podem ser realizados pelo titular dos dados, pr\u00e9via comprova\u00e7\u00e3o da sua identidade. <\/p>\n\n<p>De seguida, indicamos quais s\u00e3o os direitos que o assistem:<\/p>\n\n<ul class=\"wp-block-list\">\n<li>Solicitar o ACESSO aos seus dados pessoais<\/li>\n\n\n\n<li>Solicitar a RETIFICA\u00c7\u00c3O dos seus dados<\/li>\n\n\n\n<li>Solicitar a SUPRESS\u00c3O ou elimina\u00e7\u00e3o dos seus dados (direito ao \u00abesquecimento\u00bb)<\/li>\n\n\n\n<li>LIMITAR ou OPOR-SE ao uso que damos aos seus dados<\/li>\n\n\n\n<li>Direito \u00e0 PORTABILIDADE dos seus dados para casos de servi\u00e7os de telecomunica\u00e7\u00f5es ou internet.<\/li>\n<\/ul>\n\n<ul class=\"wp-block-list\">\n<li>Direito a RETIRAR o seu consentimento a qualquer momento<\/li>\n\n\n\n<li>Direito a apresentar uma RECLAMA\u00c7\u00c3O em mat\u00e9ria de prote\u00e7\u00e3o de dados perante a Autoridade de Controlo: Ag\u00eancia Espanhola de Prote\u00e7\u00e3o de Dados<\/li>\n<\/ul>\n\n<p><strong>COMO PODE EXERCER OS SEUS DIREITOS SOBRE OS SEUS DADOS?<\/strong><\/p>\n\n<p>Para o exerc\u00edcio dos seus direitos de acesso, retifica\u00e7\u00e3o, supress\u00e3o, limita\u00e7\u00e3o ou oposi\u00e7\u00e3o, portabilidade e retirada do seu consentimento, pode faz\u00ea-lo da seguinte forma:<\/p>\n\n<figure class=\"wp-block-table\"><table class=\"has-fixed-layout\"><tbody><tr><td class=\"has-text-align-left\" data-align=\"left\">POR CORREIO ELETR\u00d3NICO<\/td><td class=\"has-text-align-left\" data-align=\"left\">Mediante e-mail dirigido a Jender Iberica 2006 SL (<em>Jender)<\/em> para info@jender.es<\/td><\/tr><tr><td class=\"has-text-align-left\" data-align=\"left\">POR CORREIO POSTAL<\/td><td class=\"has-text-align-left\" data-align=\"left\">  Atrav\u00e9s de correio postal dirigido a Jender Iberica 2006 SL <em>em c\/Almansa,12, de Elche C.P. 03206 (Alicante)<\/em><\/td><\/tr><\/tbody><\/table><\/figure>\n\n<p>Em ambos os casos, dever\u00e1 ser anexado o conte\u00fado da solicita\u00e7\u00e3o dos direitos que se pretendam exercer e c\u00f3pia completa do Cart\u00e3o de Cidad\u00e3o ou documento de identifica\u00e7\u00e3o fiscal equivalente.<\/p>\n\n<p>Al\u00e9m dos direitos que o assistem, se acreditar que os seus dados n\u00e3o est\u00e3o a ser recolhidos ou tratados em conformidade com a normativa vigente de Prote\u00e7\u00e3o de Dados, poder\u00e1 apresentar uma reclama\u00e7\u00e3o perante a Autoridade de Controlo competente, cujos dados de contacto indicamos de seguida:<\/p>\n\n<figure class=\"wp-block-table\"><table class=\"has-fixed-layout\"><tbody><tr><td class=\"has-text-align-left\" data-align=\"left\"><strong>Ag\u00eancia Espanhola de Prote\u00e7\u00e3o de Dados<\/strong>C\/ Jorge Juan, 6. 28001, Madrid (Madrid), Espanha<br\/>email: <a href=\"mailto:info@agpd.es\">info@aepd.es<\/a> \u2013 Telefone: 912663517<br\/>Web: <a href=\"https:\/\/www.aepd.es\/es\" target=\"_blank\" rel=\"noopener\">https:\/\/www.aepd.es\/es<\/a> <\/td><\/tr><\/tbody><\/table><\/figure>\n\n<p>Tenha em conta que necessitaremos de recolher determinados dados pessoais seus para poder oferecer-lhe os nossos servi\u00e7os, pelo que, se n\u00e3o nos permitir recolh\u00ea-los, n\u00e3o poderemos oferec\u00ea-los ou f\u00e1-lo-emos deficientemente.<\/p>\n\n<p>Quando os dados que recolhemos forem obrigat\u00f3rios, inform\u00e1-lo-emos previamente para que possa tomar uma decis\u00e3o livre e informada a esse respeito.<\/p>\n\n<p><strong>ALTERA\u00c7\u00d5ES NA NOSSA POL\u00cdTICA DE PRIVACIDADE<\/strong><\/p>\n\n<p>\u00c9 poss\u00edvel que atualizemos o conte\u00fado desta Pol\u00edtica de Privacidade por quest\u00f5es t\u00e9cnicas, legisla\u00e7\u00e3o ou outra circunst\u00e2ncia que o torne necess\u00e1rio. Estas modifica\u00e7\u00f5es ser\u00e3o publicadas no nosso s\u00edtio Web, indicando a data das mesmas e quando for requerido de conformidade com a legisla\u00e7\u00e3o aplic\u00e1vel vigente. Recomendamos-lhe que siga a nossa pol\u00edtica de privacidade para conhecer todas as altera\u00e7\u00f5es que possamos realizar.  <\/p>\n\n<p>Se estas modifica\u00e7\u00f5es forem muito importantes e a legisla\u00e7\u00e3o aplic\u00e1vel o exigir, poderemos notific\u00e1-las por correio eletr\u00f3nico para o \u00faltimo endere\u00e7o que nos tenha fornecido, se assim o consentir.<\/p>\n\n<p><strong>CONSENTIMENTO E ACEITA\u00c7\u00c3O<\/strong><\/p>\n\n<p>A aceita\u00e7\u00e3o do presente documento indica que compreende e aceita todas as cl\u00e1usulas da nossa pol\u00edtica de privacidade e, portanto, autoriza a recolha e o tratamento dos seus dados pessoais nestes termos.<\/p>\n\n<p>Esta aceita\u00e7\u00e3o \u00e9 realizada mediante a ativa\u00e7\u00e3o da caixa de verifica\u00e7\u00e3o de \u00abLeitura e Aceita\u00e7\u00e3o\u00bb da nossa pol\u00edtica de privacidade.<\/p>\n","protected":false},"excerpt":{"rendered":"<p>INFORMA\u00c7\u00c3O GERAL A presente \u00abPol\u00edtica de Privacidade e Prote\u00e7\u00e3o de Dados\u00bb tem como finalidade dar a conhecer as condi\u00e7\u00f5es que [&hellip;]<\/p>\n","protected":false},"author":2,"featured_media":0,"parent":0,"menu_order":0,"comment_status":"closed","ping_status":"closed","template":"","meta":{"_acf_changed":false,"site-sidebar-layout":"default","site-content-layout":"","ast-site-content-layout":"default","site-content-style":"default","site-sidebar-style":"default","ast-global-header-display":"","ast-banner-title-visibility":"","ast-main-header-display":"","ast-hfb-above-header-display":"","ast-hfb-below-header-display":"","ast-hfb-mobile-header-display":"","site-post-title":"","ast-breadcrumbs-content":"","ast-featured-img":"","footer-sml-layout":"","ast-disable-related-posts":"","theme-transparent-header-meta":"","adv-header-id-meta":"","stick-header-meta":"","header-above-stick-meta":"","header-main-stick-meta":"","header-below-stick-meta":"","astra-migrate-meta-layouts":"default","ast-page-background-enabled":"default","ast-page-background-meta":{"desktop":{"background-color":"var(--ast-global-color-5)","background-image":"","background-repeat":"repeat","background-position":"center center","background-size":"auto","background-attachment":"scroll","background-type":"","background-media":"","overlay-type":"","overlay-color":"","overlay-opacity":"","overlay-gradient":""},"tablet":{"background-color":"","background-image":"","background-repeat":"repeat","background-position":"center center","background-size":"auto","background-attachment":"scroll","background-type":"","background-media":"","overlay-type":"","overlay-color":"","overlay-opacity":"","overlay-gradient":""},"mobile":{"background-color":"","background-image":"","background-repeat":"repeat","background-position":"center center","background-size":"auto","background-attachment":"scroll","background-type":"","background-media":"","overlay-type":"","overlay-color":"","overlay-opacity":"","overlay-gradient":""}},"ast-content-background-meta":{"desktop":{"background-color":"var(--ast-global-color-4)","background-image":"","background-repeat":"repeat","background-position":"center center","background-size":"auto","background-attachment":"scroll","background-type":"","background-media":"","overlay-type":"","overlay-color":"","overlay-opacity":"","overlay-gradient":""},"tablet":{"background-color":"var(--ast-global-color-4)","background-image":"","background-repeat":"repeat","background-position":"center center","background-size":"auto","background-attachment":"scroll","background-type":"","background-media":"","overlay-type":"","overlay-color":"","overlay-opacity":"","overlay-gradient":""},"mobile":{"background-color":"var(--ast-global-color-4)","background-image":"","background-repeat":"repeat","background-position":"center center","background-size":"auto","background-attachment":"scroll","background-type":"","background-media":"","overlay-type":"","overlay-color":"","overlay-opacity":"","overlay-gradient":""}},"footnotes":""},"class_list":["post-7582","page","type-page","status-publish","hentry"],"acf":[],"_links":{"self":[{"href":"https:\/\/frosty-sammet.109-228-56-25.plesk.page\/pt-pt\/wp-json\/wp\/v2\/pages\/7582","targetHints":{"allow":["GET"]}}],"collection":[{"href":"https:\/\/frosty-sammet.109-228-56-25.plesk.page\/pt-pt\/wp-json\/wp\/v2\/pages"}],"about":[{"href":"https:\/\/frosty-sammet.109-228-56-25.plesk.page\/pt-pt\/wp-json\/wp\/v2\/types\/page"}],"author":[{"embeddable":true,"href":"https:\/\/frosty-sammet.109-228-56-25.plesk.page\/pt-pt\/wp-json\/wp\/v2\/users\/2"}],"replies":[{"embeddable":true,"href":"https:\/\/frosty-sammet.109-228-56-25.plesk.page\/pt-pt\/wp-json\/wp\/v2\/comments?post=7582"}],"version-history":[{"count":1,"href":"https:\/\/frosty-sammet.109-228-56-25.plesk.page\/pt-pt\/wp-json\/wp\/v2\/pages\/7582\/revisions"}],"predecessor-version":[{"id":7584,"href":"https:\/\/frosty-sammet.109-228-56-25.plesk.page\/pt-pt\/wp-json\/wp\/v2\/pages\/7582\/revisions\/7584"}],"wp:attachment":[{"href":"https:\/\/frosty-sammet.109-228-56-25.plesk.page\/pt-pt\/wp-json\/wp\/v2\/media?parent=7582"}],"curies":[{"name":"wp","href":"https:\/\/api.w.org\/{rel}","templated":true}]}}