{"id":7074,"date":"2026-04-22T11:30:25","date_gmt":"2026-04-22T11:30:25","guid":{"rendered":"https:\/\/cool-panini.185-226-232-135.plesk.page\/politique-de-confidentialite\/"},"modified":"2026-04-27T10:03:55","modified_gmt":"2026-04-27T10:03:55","slug":"politique-de-confidentialite","status":"publish","type":"page","link":"https:\/\/frosty-sammet.109-228-56-25.plesk.page\/fr\/politique-de-confidentialite\/","title":{"rendered":"POLITIQUE DE CONFIDENTIALIT\u00c9"},"content":{"rendered":"\n<p><strong>INFORMATIONS G\u00c9N\u00c9RALES<\/strong><\/p>\n\n<p>La pr\u00e9sente \u00ab Politique de Confidentialit\u00e9 et de Protection des Donn\u00e9es \u00bb a pour objectif de faire conna\u00eetre les conditions r\u00e9gissant la collecte et le traitement de vos donn\u00e9es personnelles par notre entit\u00e9 ou groupe d&rsquo;entreprises, afin de veiller aux droits fondamentaux, \u00e0 votre honneur et \u00e0 vos libert\u00e9s, le tout en conformit\u00e9 avec les r\u00e9glementations en vigueur r\u00e9gissant la Protection des Donn\u00e9es personnelles selon l&rsquo;Union Europ\u00e9enne et l&rsquo;\u00c9tat espagnol.<\/p>\n\n<p>Conform\u00e9ment \u00e0 ces r\u00e9glementations, nous avons besoin de votre autorisation et de votre consentement pour la collecte et le traitement de vos donn\u00e9es personnelles. C&rsquo;est pourquoi nous vous indiquons ci-dessous tous les d\u00e9tails pertinents concernant la mani\u00e8re dont nous effectuons ces processus, \u00e0 quelles fins, quelles autres entit\u00e9s pourraient avoir acc\u00e8s \u00e0 vos donn\u00e9es et quels sont vos droits.<\/p>\n\n<p>Pour toutes les raisons expos\u00e9es, une fois notre Politique de Protection des Donn\u00e9es examin\u00e9e et lue, il est imp\u00e9ratif que vous l&rsquo;acceptiez en preuve de votre conformit\u00e9 et de votre consentement.<\/p>\n\n<p><strong>QUAND CETTE POLITIQUE S&rsquo;APPLIQUE-T-ELLE ?<\/strong><\/p>\n\n<p>Avec cette Politique de confidentialit\u00e9, nous d\u00e9crivons le traitement que nous faisons des informations collect\u00e9es via www.jender.es. Cette Politique de Confidentialit\u00e9 a \u00e9t\u00e9 r\u00e9dig\u00e9e conform\u00e9ment \u00e0 la r\u00e9glementation europ\u00e9enne et espagnole applicable en mati\u00e8re de protection des donn\u00e9es \u00e0 caract\u00e8re personnel (lien) (DOCUMENT D\u00c9NOMM\u00c9 D\u00c9FINITIONS) et aux services de la soci\u00e9t\u00e9 de l&rsquo;information et du commerce \u00e9lectronique en vigueur \u00e0 la date de la derni\u00e8re modification. <\/p>\n\n<p>Les options de politique de confidentialit\u00e9 d\u00e9finies et choisies sur un site\/application tiers externe ne seront pas applicables \u00e0 l&rsquo;utilisation que nous faisons de vos donn\u00e9es, la pr\u00e9sente \u00e9tant la seule Politique de confidentialit\u00e9 applicable dans ces cas.<\/p>\n\n<p>Notre site web peut contenir des liens vers diff\u00e9rents sites ext\u00e9rieurs \u00e0 JENDER IBERICA 2006 SL et dont elle n&rsquo;est ni propri\u00e9taire ni n&rsquo;a le contr\u00f4le, sans qu&rsquo;il soit possible d&rsquo;exiger une quelconque responsabilit\u00e9 pour les pratiques que ces sites mettent en \u0153uvre concernant le traitement de vos donn\u00e9es et votre vie priv\u00e9e. L&rsquo;utilisateur est le mieux plac\u00e9 pour veiller \u00e0 sa vie priv\u00e9e et doit analyser, lorsqu&rsquo;il quitte notre site web et acc\u00e8de \u00e0 un site tiers, si celui-ci r\u00e9unit des conditions minimales de s\u00e9curit\u00e9. Nous vous recommandons de lire attentivement la politique de confidentialit\u00e9 du site que vous visitez.  <\/p>\n\n<p><strong>COMMENT NOUS CONTACTER ?<\/strong><\/p>\n\n<ul class=\"wp-block-list\">\n<li>La communication doit \u00eatre adress\u00e9e au <strong>RESPONSABLE DU TRAITEMENT :<\/strong> Jender Iberica 2006 SL (ci-apr\u00e8s \u00ab Jender \u00bb) dont le si\u00e8ge social est c\/Almansa, 12, Elche C.P. 03206 ou par e-mail \u00e0 info@jender.es.<\/li>\n<\/ul>\n\n<p>Pour acc\u00e9der et utiliser les services de notre site web, aucune inscription pr\u00e9alable de l&rsquo;utilisateur n&rsquo;est n\u00e9cessaire. Il n&rsquo;est pas n\u00e9cessaire de fournir de donn\u00e9es personnelles pour acc\u00e9der au site. <\/p>\n\n<p><strong>QUELLES DONN\u00c9ES TRAITONS-NOUS ?<\/strong><\/p>\n\n<p>Elles d\u00e9pendront du type d&rsquo;utilisateur :<\/p>\n\n<ul class=\"wp-block-list\">\n<li>Les donn\u00e9es que le client fournit lorsqu&rsquo;il nous demande des informations ou nous contacte, telles que nom et pr\u00e9nom, NIF, t\u00e9l\u00e9phone, adresse e-mail, adresse postale, signature \u00e9lectronique et\/ou manuscrite.<\/li>\n\n\n\n<li>Les employ\u00e9s, collaborateurs et candidats fournissent \u00e9galement ces donn\u00e9es ainsi que d&rsquo;autres informations telles que leur exp\u00e9rience professionnelle, leur dipl\u00f4me universitaire, entre autres cat\u00e9gories n\u00e9cessaires pour \u00e9valuer leurs options d&rsquo;int\u00e9gration \u00e0 l&rsquo;organisation du responsable.<\/li>\n\n\n\n<li>Les donn\u00e9es pouvant figurer dans les contributions de l&rsquo;utilisateur via le formulaire du site web, telles que nom et pr\u00e9nom, adresse e-mail, site web.<\/li>\n\n\n\n<li>Informations relatives \u00e0 votre localisation lorsque vous visitez le site web, y compris celles fournies par un appareil mobile. Lorsque la l\u00e9gislation applicable nous le permet, nous pourrons \u00e9galement traiter les informations associ\u00e9es \u00e0 votre adresse IP. <\/li>\n<\/ul>\n\n<p><strong>L\u00c9GITIMATION DU TRAITEMENT<\/strong><\/p>\n\n<ul class=\"wp-block-list\">\n<li><strong>Donn\u00e9es<\/strong> <strong>des<\/strong> <strong>clients<\/strong> : Consentement explicite de la personne concern\u00e9e ; Existence d&rsquo;une relation contractuelle avec le responsable par contrat ou pr\u00e9-contrat ; Int\u00e9r\u00eat L\u00e9gitime du responsable du Traitement ou de tiers.<\/li>\n\n\n\n<li><strong>Donn\u00e9es des employ\u00e9s et collaborateurs<\/strong> : Consentement explicite de la personne concern\u00e9e ; Existence d&rsquo;une relation contractuelle avec la personne concern\u00e9e par contrat ou pr\u00e9-contrat ; Int\u00e9r\u00eat L\u00e9gitime du Responsable du Traitement ou de tiers.<\/li>\n<\/ul>\n\n<p><strong>COMMENT TRAITONS-NOUS VOS DONN\u00c9ES ?<\/strong><\/p>\n\n<p>Nous recueillons des informations aupr\u00e8s des utilisateurs de notre site web afin d&rsquo;offrir \u00e0 nos visiteurs une exp\u00e9rience utile, personnalis\u00e9e et efficace, en facilitant l&rsquo;utilisation de ce site et en les aidant \u00e0 trouver rapidement des informations sur nos produits et services, ainsi qu&rsquo;\u00e0 les informer des nouveaut\u00e9s concernant les services offerts par Jender. Nous ne c\u00e9derons les donn\u00e9es que lorsque cela sera n\u00e9cessaire pour remplir correctement nos obligations contractuelles envers la personne concern\u00e9e. <\/p>\n\n<p><strong>POUR QUELLES RAISONS UTILISONS-NOUS VOS DONN\u00c9ES PERSONNELLES ?<\/strong><\/p>\n\n<p>Conform\u00e9ment \u00e0 la r\u00e9glementation applicable \u00e0 tout moment, nous pourrons utiliser vos donn\u00e9es \u00e0 caract\u00e8re personnel que nous collectons via les \u00e9quipements et appareils depuis lesquels vous acc\u00e9dez \u00e0 ce site web pour :<\/p>\n\n<ul class=\"wp-block-list\">\n<li>L&rsquo;ex\u00e9cution du contrat que vous signez avec nous en tant que client et pour vous fournir le meilleur service possible.<\/li>\n<\/ul>\n\n<ul class=\"wp-block-list\">\n<li>\n<ul class=\"wp-block-list\">\n<li>L&rsquo;enregistrement des clients pour l&rsquo;analyse historique et statistique.<\/li>\n\n\n\n<li>Le paiement des obligations contractuelles.<\/li>\n\n\n\n<li>L&rsquo;envoi de donn\u00e9es aux entit\u00e9s gouvernementales ou judiciaires sur demande ou par exigence l\u00e9gale.<\/li>\n\n\n\n<li>Le contact et l&rsquo;envoi\/r\u00e9ception de communications avec les clients pour l&rsquo;envoi d&rsquo;informations d\u00e9coulant de la relation contractuelle, commerciale et obligatoire qui pourrait exister.<\/li>\n\n\n\n<li>La collecte de donn\u00e9es afin que le responsable puisse remplir ses obligations concernant les informations et donn\u00e9es personnelles collect\u00e9es.<\/li>\n\n\n\n<li>Vous envoyer des offres et promotions de nos services.<\/li>\n\n\n\n<li>Analyser et am\u00e9liorer le fonctionnement de notre site web, pouvant inclure des enqu\u00eates et d&rsquo;autres outils analytiques.<\/li>\n<\/ul>\n<\/li>\n\n\n\n<li>D\u00e9tecter toute activit\u00e9 susceptible de violer nos politiques, d&rsquo;\u00eatre contraire \u00e0 l&rsquo;ordre public ou ill\u00e9gale.<\/li>\n<\/ul>\n\n<p><strong>COMBIEN DE TEMPS CONSERVERONS-NOUS VOS DONN\u00c9ES ?<\/strong><\/p>\n\n<p>Nous conserverons les donn\u00e9es personnelles des clients pendant la dur\u00e9e de leur relation contractuelle et, par la suite, pour le respect des obligations l\u00e9gales.<\/p>\n\n<ul class=\"wp-block-list\">\n<li><strong>Donn\u00e9es des clients<\/strong> : Pendant une p\u00e9riode de 10 ans \u00e0 compter de la derni\u00e8re confirmation d&rsquo;int\u00e9r\u00eat.<\/li>\n\n\n\n<li><strong>Donn\u00e9es des employ\u00e9s et collaborateurs<\/strong> : Pendant la dur\u00e9e de la relation contractuelle et au maximum une p\u00e9riode de 10 ans \u00e0 compter de la derni\u00e8re confirmation d&rsquo;int\u00e9r\u00eat. Les donn\u00e9es personnelles contenues dans les CV des candidats et des employ\u00e9s seront conserv\u00e9es pendant la dur\u00e9e du processus de s\u00e9lection, jusqu&rsquo;\u00e0 2 ans \u00e0 compter du d\u00e9but. <\/li>\n<\/ul>\n\n<p>La personne concern\u00e9e pourra demander express\u00e9ment \u00e0 tout moment la suppression de ses donn\u00e9es sans qu&rsquo;il soit n\u00e9cessaire d&rsquo;attendre ces d\u00e9lais. Si le responsable avait de nouveau besoin de ces donn\u00e9es, il devrait les lui demander \u00e0 nouveau. <\/p>\n\n<p><strong>CESSION DE VOS DONN\u00c9ES<\/strong><\/p>\n\n<p>JENDER est le responsable du traitement de vos donn\u00e9es et ne pourra les utiliser que pour les finalit\u00e9s d\u00e9crites dans la pr\u00e9sente politique de confidentialit\u00e9. Afin de vous fournir le meilleur service, il est possible que d&rsquo;autres entit\u00e9s avec lesquelles nous collaborons acc\u00e8dent \u00e0 vos donn\u00e9es au nom du responsable du traitement (lien) (DOCUMENT D\u00c9NOMM\u00c9 D\u00c9FINITIONS) en tant que sous-traitants (lien) (DOCUMENT D\u00c9NOMM\u00c9 D\u00c9FINITIONS) et, lorsque cela est n\u00e9cessaire et que la l\u00e9gislation en vigueur ne l&rsquo;interdit pas, en tant que responsables du traitement pour les finalit\u00e9s d\u00e9crites dans cette politique de confidentialit\u00e9. <\/p>\n\n<p><strong>TRANSFERTS INTERNATIONAUX<\/strong><\/p>\n\n<p>Le responsable utilise des services informatiques de pointe pour offrir ses services, fournis par des entit\u00e9s situ\u00e9es aux \u00c9tats-Unis. Il est donc possible que nous transf\u00e9rions vos donn\u00e9es \u00e0 ces tiers pour la r\u00e9alisation des finalit\u00e9s d\u00e9crites dans cette politique de confidentialit\u00e9. Ces transferts seront couverts par le <a href=\"https:\/\/www.privacyshield.gov\/welcome\" target=\"_blank\" rel=\"noopener\"><em>Privacy Shield<\/em><\/a> et, le cas \u00e9ch\u00e9ant, par le consentement expr\u00e8s de l&rsquo;utilisateur. <\/p>\n\n<p>Chaque fois que nous devrons transf\u00e9rer, stocker ou traiter vos donn\u00e9es personnelles, nous prendrons les mesures techniques et organisationnelles appropri\u00e9es pour prot\u00e9ger votre vie priv\u00e9e, en particulier leur disponibilit\u00e9, leur int\u00e9grit\u00e9 et leur confidentialit\u00e9.<\/p>\n\n<p>Lorsque le transfert de vos donn\u00e9es sera destin\u00e9 \u00e0 des entit\u00e9s ayant leur si\u00e8ge sur le territoire de l&rsquo;Union Europ\u00e9enne, nous nous guiderons par les clauses contractuelles approuv\u00e9es par la Commission Europ\u00e9enne et les Autorit\u00e9s de Contr\u00f4le comp\u00e9tentes \u00e0 tout moment pour prot\u00e9ger votre vie priv\u00e9e.<\/p>\n\n<p>Dans tous ces cas, nous recueillerons votre consentement pr\u00e9alable lorsque, selon la r\u00e9glementation applicable, cela sera obligatoire avant d&rsquo;effectuer l&rsquo;une de ces op\u00e9rations.<\/p>\n\n<p><strong>MESURES DE S\u00c9CURIT\u00c9<\/strong><\/p>\n\n<p>Notre entit\u00e9 adopte les mesures organisationnelles et techniques n\u00e9cessaires pour garantir la s\u00e9curit\u00e9 et la confidentialit\u00e9 de vos donn\u00e9es, \u00e9viter leur alt\u00e9ration, perte, traitement ou acc\u00e8s non autoris\u00e9, en fonction de l&rsquo;\u00e9tat de la technologie, de la nature des donn\u00e9es stock\u00e9es et des risques auxquels elles sont expos\u00e9es. Parmi celles-ci, les mesures suivantes se distinguent : <\/p>\n\n<ul class=\"wp-block-list\">\n<li>Garantir la confidentialit\u00e9, l&rsquo;int\u00e9grit\u00e9, la disponibilit\u00e9 et la r\u00e9silience permanentes des syst\u00e8mes et services de traitement.<\/li>\n\n\n\n<li>Restaurer rapidement la disponibilit\u00e9 et l&rsquo;acc\u00e8s aux donn\u00e9es personnelles en cas d&rsquo;incident physique ou technique.<\/li>\n\n\n\n<li>V\u00e9rifier, \u00e9valuer et appr\u00e9cier r\u00e9guli\u00e8rement l&rsquo;efficacit\u00e9 des mesures techniques et organisationnelles mises en \u0153uvre pour garantir la s\u00e9curit\u00e9 du traitement.<\/li>\n\n\n\n<li>Pseudonymiser et chiffrer les donn\u00e9es personnelles, s&rsquo;il s&rsquo;agit de donn\u00e9es sensibles.<\/li>\n<\/ul>\n\n<p><strong>QUELS SONT VOS DROITS RECONNUS ?<\/strong><\/p>\n\n<p>La r\u00e9glementation en vigueur en mati\u00e8re de protection des donn\u00e9es vous conf\u00e8re une s\u00e9rie de droits concernant l&rsquo;utilisation que nous faisons de vos donn\u00e9es. Tous vos droits sont unipersonnels et intransmissibles, c&rsquo;est-\u00e0-dire qu&rsquo;ils ne peuvent \u00eatre exerc\u00e9s que par le titulaire des donn\u00e9es, apr\u00e8s v\u00e9rification de son identit\u00e9. <\/p>\n\n<p>Ci-dessous, nous vous indiquons quels sont les droits qui vous assistent :<\/p>\n\n<ul class=\"wp-block-list\">\n<li>Demander l&rsquo;ACC\u00c8S \u00e0 vos donn\u00e9es personnelles<\/li>\n\n\n\n<li>Demander la RECTIFICATION de vos donn\u00e9es<\/li>\n\n\n\n<li>Demander la SUPPRESSION ou l&rsquo;effacement de vos donn\u00e9es (droit \u00e0 l&rsquo;\u00ab oubli \u00bb)<\/li>\n\n\n\n<li>LIMITER ou VOUS OPPOSER \u00e0 l&rsquo;utilisation que nous faisons de vos donn\u00e9es<\/li>\n\n\n\n<li>Droit \u00e0 la PORTABILIT\u00c9 de vos donn\u00e9es pour les services de t\u00e9l\u00e9communications ou internet.<\/li>\n<\/ul>\n\n<ul class=\"wp-block-list\">\n<li>Droit de RETIRER votre consentement \u00e0 tout moment<\/li>\n\n\n\n<li>Droit de d\u00e9poser une R\u00c9CLAMATION en mati\u00e8re de protection des donn\u00e9es aupr\u00e8s de l&rsquo;Autorit\u00e9 de Contr\u00f4le : Agence Espagnole de Protection des Donn\u00e9es<\/li>\n<\/ul>\n\n<p><strong>COMMENT POUVEZ-VOUS EXERCER VOS DROITS SUR VOS DONN\u00c9ES ?<\/strong><\/p>\n\n<p>Pour l&rsquo;exercice de vos droits d&rsquo;acc\u00e8s, de rectification, de suppression, de limitation ou d&rsquo;opposition, de portabilit\u00e9 et de retrait de votre consentement, vous pouvez proc\u00e9der de la mani\u00e8re suivante :<\/p>\n\n<figure class=\"wp-block-table\"><table class=\"has-fixed-layout\"><tbody><tr><td class=\"has-text-align-left\" data-align=\"left\">PAR COURRIER \u00c9LECTRONIQUE<\/td><td class=\"has-text-align-left\" data-align=\"left\">Par e-mail adress\u00e9 \u00e0 Jender Iberica 2006 SL (<em>Jender)<\/em> \u00e0 info@jender.es<\/td><\/tr><tr><td class=\"has-text-align-left\" data-align=\"left\">PAR COURRIER POSTAL<\/td><td class=\"has-text-align-left\" data-align=\"left\"> Par courrier postal adress\u00e9 \u00e0 Jender Iberica 2006 SL <em>\u00e0 c\/Almansa, 12, Elche C.P. 03206 (Alicante)<\/em><\/td><\/tr><\/tbody><\/table><\/figure>\n\n<p>Dans les deux cas, le contenu de la demande d&rsquo;exercice des droits et une copie compl\u00e8te de la carte d&rsquo;identit\u00e9 ou d&rsquo;un document d&rsquo;identification fiscale \u00e9quivalent devront \u00eatre joints.<\/p>\n\n<p>Outre les droits qui vous assistent, si vous estimez que vos donn\u00e9es ne sont pas collect\u00e9es ou trait\u00e9es conform\u00e9ment \u00e0 la r\u00e9glementation en vigueur en mati\u00e8re de Protection des Donn\u00e9es, vous pourrez d\u00e9poser une r\u00e9clamation aupr\u00e8s de l&rsquo;Autorit\u00e9 de Contr\u00f4le comp\u00e9tente, dont les coordonn\u00e9es sont indiqu\u00e9es ci-dessous :<\/p>\n\n<figure class=\"wp-block-table\"><table class=\"has-fixed-layout\"><tbody><tr><td class=\"has-text-align-left\" data-align=\"left\"><strong>Agence Espagnole de Protection des Donn\u00e9es<\/strong>C\/ Jorge Juan, 6. 28001, Madrid (Madrid), Espagne<br\/>e-mail : <a href=\"mailto:info@agpd.es\">info@aepd.es<\/a> \u2013 T\u00e9l\u00e9phone : 912663517<br\/>Web : <a href=\"https:\/\/www.aepd.es\/es\" target=\"_blank\" rel=\"noopener\">https:\/\/www.aepd.es\/es<\/a> <\/td><\/tr><\/tbody><\/table><\/figure>\n\n<p>Veuillez noter que nous aurons besoin de collecter certaines de vos donn\u00e9es personnelles pour pouvoir vous offrir nos services. Par cons\u00e9quent, si vous ne nous autorisez pas \u00e0 les collecter, nous ne pourrons pas vous les proposer ou nous le ferons de mani\u00e8re d\u00e9ficiente.<\/p>\n\n<p>Lorsque les donn\u00e9es que nous collectons sont obligatoires, nous vous en informerons pr\u00e9alablement afin que vous puissiez prendre une d\u00e9cision libre et \u00e9clair\u00e9e \u00e0 cet \u00e9gard.<\/p>\n\n<p><strong>MODIFICATIONS DE NOTRE POLITIQUE DE CONFIDENTIALIT\u00c9<\/strong><\/p>\n\n<p>Il est possible que nous mettions \u00e0 jour le contenu de cette Politique de Confidentialit\u00e9 pour des raisons techniques, l\u00e9gislatives ou toute autre circonstance qui le rendrait n\u00e9cessaire. Ces modifications seront publi\u00e9es sur notre site web, en indiquant leur date et, si n\u00e9cessaire, conform\u00e9ment \u00e0 la l\u00e9gislation applicable en vigueur. Nous vous recommandons de suivre notre politique de confidentialit\u00e9 pour prendre connaissance de tous les changements que nous pourrions apporter.  <\/p>\n\n<p>Si ces modifications sont tr\u00e8s importantes et que la l\u00e9gislation applicable l&rsquo;exige, nous pourrons vous les notifier par e-mail \u00e0 la derni\u00e8re adresse que vous nous auriez fournie, si vous y consentez.<\/p>\n\n<p><strong>CONSENTEMENT ET ACCEPTATION<\/strong><\/p>\n\n<p>L&rsquo;acceptation du pr\u00e9sent document indique que vous comprenez et acceptez toutes les clauses de notre politique de confidentialit\u00e9 et, par cons\u00e9quent, autorisez la collecte et le traitement de vos donn\u00e9es personnelles selon ces termes.<\/p>\n\n<p>Cette acceptation se fait en activant la case \u00e0 cocher \u00ab Lecture et Acceptation \u00bb de notre politique de confidentialit\u00e9.<\/p>\n","protected":false},"excerpt":{"rendered":"<p>INFORMATIONS G\u00c9N\u00c9RALES La pr\u00e9sente \u00ab Politique de Confidentialit\u00e9 et de Protection des Donn\u00e9es \u00bb a pour objectif de faire conna\u00eetre [&hellip;]<\/p>\n","protected":false},"author":2,"featured_media":0,"parent":0,"menu_order":0,"comment_status":"closed","ping_status":"closed","template":"","meta":{"_acf_changed":false,"site-sidebar-layout":"default","site-content-layout":"","ast-site-content-layout":"default","site-content-style":"default","site-sidebar-style":"default","ast-global-header-display":"","ast-banner-title-visibility":"","ast-main-header-display":"","ast-hfb-above-header-display":"","ast-hfb-below-header-display":"","ast-hfb-mobile-header-display":"","site-post-title":"","ast-breadcrumbs-content":"","ast-featured-img":"","footer-sml-layout":"","ast-disable-related-posts":"","theme-transparent-header-meta":"","adv-header-id-meta":"","stick-header-meta":"","header-above-stick-meta":"","header-main-stick-meta":"","header-below-stick-meta":"","astra-migrate-meta-layouts":"default","ast-page-background-enabled":"default","ast-page-background-meta":{"desktop":{"background-color":"var(--ast-global-color-5)","background-image":"","background-repeat":"repeat","background-position":"center center","background-size":"auto","background-attachment":"scroll","background-type":"","background-media":"","overlay-type":"","overlay-color":"","overlay-opacity":"","overlay-gradient":""},"tablet":{"background-color":"","background-image":"","background-repeat":"repeat","background-position":"center center","background-size":"auto","background-attachment":"scroll","background-type":"","background-media":"","overlay-type":"","overlay-color":"","overlay-opacity":"","overlay-gradient":""},"mobile":{"background-color":"","background-image":"","background-repeat":"repeat","background-position":"center center","background-size":"auto","background-attachment":"scroll","background-type":"","background-media":"","overlay-type":"","overlay-color":"","overlay-opacity":"","overlay-gradient":""}},"ast-content-background-meta":{"desktop":{"background-color":"var(--ast-global-color-4)","background-image":"","background-repeat":"repeat","background-position":"center center","background-size":"auto","background-attachment":"scroll","background-type":"","background-media":"","overlay-type":"","overlay-color":"","overlay-opacity":"","overlay-gradient":""},"tablet":{"background-color":"var(--ast-global-color-4)","background-image":"","background-repeat":"repeat","background-position":"center center","background-size":"auto","background-attachment":"scroll","background-type":"","background-media":"","overlay-type":"","overlay-color":"","overlay-opacity":"","overlay-gradient":""},"mobile":{"background-color":"var(--ast-global-color-4)","background-image":"","background-repeat":"repeat","background-position":"center center","background-size":"auto","background-attachment":"scroll","background-type":"","background-media":"","overlay-type":"","overlay-color":"","overlay-opacity":"","overlay-gradient":""}},"footnotes":""},"class_list":["post-7074","page","type-page","status-publish","hentry"],"acf":[],"_links":{"self":[{"href":"https:\/\/frosty-sammet.109-228-56-25.plesk.page\/fr\/wp-json\/wp\/v2\/pages\/7074","targetHints":{"allow":["GET"]}}],"collection":[{"href":"https:\/\/frosty-sammet.109-228-56-25.plesk.page\/fr\/wp-json\/wp\/v2\/pages"}],"about":[{"href":"https:\/\/frosty-sammet.109-228-56-25.plesk.page\/fr\/wp-json\/wp\/v2\/types\/page"}],"author":[{"embeddable":true,"href":"https:\/\/frosty-sammet.109-228-56-25.plesk.page\/fr\/wp-json\/wp\/v2\/users\/2"}],"replies":[{"embeddable":true,"href":"https:\/\/frosty-sammet.109-228-56-25.plesk.page\/fr\/wp-json\/wp\/v2\/comments?post=7074"}],"version-history":[{"count":1,"href":"https:\/\/frosty-sammet.109-228-56-25.plesk.page\/fr\/wp-json\/wp\/v2\/pages\/7074\/revisions"}],"predecessor-version":[{"id":7075,"href":"https:\/\/frosty-sammet.109-228-56-25.plesk.page\/fr\/wp-json\/wp\/v2\/pages\/7074\/revisions\/7075"}],"wp:attachment":[{"href":"https:\/\/frosty-sammet.109-228-56-25.plesk.page\/fr\/wp-json\/wp\/v2\/media?parent=7074"}],"curies":[{"name":"wp","href":"https:\/\/api.w.org\/{rel}","templated":true}]}}